{"version":"1.0","provider_name":"Egy k\u00e1v\u00e9 mellett...","provider_url":"https:\/\/lyrian.cafeblog.hu","author_name":"Lyrian","author_url":"https:\/\/lyrian.cafeblog.hu\/author\/Lyrian-2\/","title":"Egy elfelejtett t\u00e1nc...","html":"<div style=\"text-align: justify;\"> <span style=\"font-size: 15px;\">\u2013 Nem \u00e9rted? Mi valami egyedit  akarunk! Olyat, amit mostan\u00e1ban nem t\u00e1ncolnak.<\/span> <br> <span style=\"font-size: 15px;\">\u2013 Egyedit? Milyen egyedit? \u2013 k\u00e9rdeztem  l\u00e1nyomat.<\/span> <br> <span style=\"font-size: 15px;\">\u2013 Tudod, arra gondolt,  hogy a b\u00e9sek, meg a d\u00e9sek m\u00e1r lecsaptak a\u2026 mit is fognak t\u00e1ncolni? \u2013  kapcsol\u00f3dott a vit\u00e1ba a sz\u0151ke Ditke is, mik\u00f6zben el\u0151szedte t\u00e1sk\u00e1j\u00e1b\u00f3l a  szemceruz\u00e1j\u00e1t \u00e9s sz\u00e9pen k\u00f6rbe\u00edvelte vele a szem\u00e9t. \u2013 Kleop\u00e1tr\u00e1s most a  divat, nem tudt\u00e1tok? \u2013 n\u00e9zett k\u00f6rbe.<\/span> <br> <span style=\"font-size: 15px;\">\u2013 Salsa, te h\u00fclye! Meg valami hipp-hoppos! \u2013 l\u00f6kte meg a kez\u00e9t  Zsanett, \u00e9s a fekete vonal kiszaladt Ditke hal\u00e1nt\u00e9k\u00e1ig.<\/span> <br> <span style=\"font-size: 15px;\">\u2013 Marha! Most ez mire volt j\u00f3? \u2013 sip\u00e1kolt  r\u00e1 Ditke, majd hatalmasat r\u00fagott bokat\u00e1jban Zsanett fel\u00e9.<\/span> <br> <span style=\"font-size: 15px;\">\u2013 Csajok, k\u00e9t \u00f3r\u00e1ja \u00fclt\u00f6k itt a konyh\u00e1ban  \u00e9s m\u00e9g mindig nem tudj\u00e1tok, mit akartok a szalagavat\u00f3n elt\u00e1ncolni! \u2013  jegyeztem meg k\u00f6rben\u00e9zve az asztalon, ahol sz\u00e9tsz\u00f3rt pap\u00edrzsebkend\u0151k,  r\u00fazsok, k\u00f6r\u00f6mlakkok borultak r\u00e1 a zacsk\u00f3kb\u00f3l kifoly\u00f3 nasis-t\u00f6rmel\u00e9kre, a  szemetes megtelt a vita k\u00f6zben elfogyasztott t\u00f6bbkil\u00f3nyi csokol\u00e1d\u00e9  \u00f6sszegy\u0171rt pap\u00edrjaival. \u2013 Nem lehetne holnap folytatni? \u2013 n\u00e9ztem r\u00e1juk  rem\u00e9nykedve.<\/span> <br> <span style=\"font-size: 15px;\">\u2013 M\u00e9g csak t\u00edz \u00f3ra  van Anszi, \u00e9s m\u00e9g ma el kell d\u00f6nten\u00fcnk \u2013 magyar\u00e1zta l\u00e1nyom d\u00fch\u00f6sen.<\/span> <br> <span style=\"font-size: 15px;\">\u2013 Mi\u00e9rt nem t\u00e1ncoltok valami magyarost?<\/span> <br> <span style=\"font-size: 15px;\">\u2013 Magyarost?! Csak nem k\u00e9pzeled, hogy ott  fogjuk \u00e9getni magunkat? \u2013 csapott fel r\u00f6gt\u00f6n a tiltakoz\u00e1s.<\/span> <br> <span style=\"font-size: 15px;\">\u2013 \u00c9getni? Mi\u00e9rt \u00e9g\u0151 magyarost t\u00e1ncolni?<\/span> <br> <span style=\"font-size: 15px;\">\u2013 Mert az! Ciki! Ink\u00e1bb valami  musical-zen\u00e9re, vagy legy\u00fcnk v\u00e1mp\u00edrosak, vagy\u2026<\/span> <br> <span style=\"font-size: 15px;\">Ekkor hagytam ott \u0151ket \u00e9s bemenek\u00fcltem a  szob\u00e1mba. M\u00e9g hallottam a sutyorg\u00e1st a h\u00e1tam m\u00f6g\u00f6tt:<\/span> <br> <span style=\"font-size: 15px;\">\u2013 Anyud mindig olyan j\u00f3 fej, de most nagyon  kiakasztott ezzel a h\u00fclye \u00f6tlet\u00e9vel\u2026 M\u00e9g hogy magyarost?... Hogy  kir\u00f6h\u00f6gjenek?... Kezd \u00f6regedni, vagy mi?<\/span> <br><br> <span style=\"font-size: 15px;\"> <\/span> <span style=\"font-size: 15px;\">Beh\u00faztam magam ut\u00e1n az ajt\u00f3t \u00e9s  meggy\u00fajtottam a kisasztalon a m\u00e9csest. Le\u00fcltem el\u00e9 t\u00f6r\u00f6kben, s csak  n\u00e9ztem, ahogy apr\u00f3 l\u00e1ngj\u00e1nak ujjaival sz\u00e9tnyitotta a s\u00f6t\u00e9ts\u00e9get, f\u00e9nye  felind\u00e1zott a falra. Hirtelen halk citerasz\u00f3t hallottam az egyik  sarokb\u00f3l, majd a dallamra \u00e9nekelni kezdett valaki:<\/span> <br><br> <span style=\"font-size: 15px;\"> <\/span> <span style=\"font-size: 15px;\">\u2026Esik es\u0151, sz\u00edp csendes\u00f6n  cseper\u00f6g, R\u00fazsa S\u00e1ndor a kocsm\u00e1ba\u2019 keser\u00f6g\u2026<\/span> <br><br> <span style=\"font-size: 15px;\"> <\/span> <span style=\"font-size: 15px;\">\u2013 Gyere Erzs\u00f3! Mutassuk meg  ezeknek a teszetosz\u00e1knak, mi v\u00e9gre is termett a leg\u00e9ny meg a l\u00e1ny! Na,  ne pironkodj\u00e1l m\u00e1r lelkem, elb\u00edrja m\u00e9g a lass\u00fa mereng\u0151st a l\u00e1bunk! \u2013 \u00e9s  nagyap\u00e1m szik\u00e1r alakja felf\u00e9nylett a f\u00e9lhom\u00e1lyban, ahogy nagyany\u00e1mat  k\u00e9zen fogva felemelintette a faragott l\u00f3c\u00e1r\u00f3l, majd \u00f6sszekarol\u00f3dva,  b\u00fcszke fejtart\u00e1ssal r\u00e1kezdtek a t\u00e1ncra. F\u00e9nyesre suvickolt csizm\u00e1j\u00e1val  dobbantott egyet szel\u00edden, Erzs\u00f3 pedig kipirult arccal ringatta meg  sokrokoly\u00e1s szokny\u00e1j\u00e1t. A citera pedig tov\u00e1bb s\u00edrt:<\/span> <br><br> <span style=\"font-size: 15px;\"> <\/span> <span style=\"font-size: 15px;\">\u2026\u00cdd\u00f6sany\u00e1m str\u00e1zsakisj\u00e1ny nem  leszek, ahun gy\u00fcnnek a f\u00f6gyveres vit\u00e9zek\u2026<\/span> <br><br> <span style=\"font-size: 15px;\"> <\/span> <span style=\"font-size: 15px;\">\u2013 Manci, figyejj\u00e9 csak! Az a  leg\u00e9ny ott nagyon n\u00e9z \u00e1m t\u00e9ged, figyelem m\u00e1r p\u00e1rideje, de csak nem veszi  le a szem\u00e9t r\u00f3lad!<\/span> <br> <span style=\"font-size: 15px;\">\u2013 Menny\u00e9 m\u00e1\u2019  Julis! Mit n\u00e9zne rajtam? Nem vagyok \u00e9n borny\u00fakapu!<\/span> <br> <span style=\"font-size: 15px;\">\u2013 Pedig n\u00e9z! G\u00favad a szeme a nagy  lelkesed\u00e9sben! \u2013 derengett fel a szoba sark\u00e1ban k\u00e9t \u00fajabb alak. \u2013 Mi\u00f3ta  J\u00f3zsi b\u00e1csi ott ropja Erzs\u00f3 n\u00e9n\u00e9vel, az\u00f3ta! No, n\u00e9zzed m\u00e1n te is! \u2013  s\u00fagta oda Julis h\u00edmzett keszken\u0151j\u00e9be rejtve arc\u00e1t. \u2013 Termetes \u00e1m az  alakja, oszt hogy j\u00e1rja ott a t\u00f6bbiek k\u00f6z\u00f6tt, csak \u00fagy, mag\u00e1ban. De  minden fordulatj\u00e1val idesuttyan a szemivel.<\/span> <br> <span style=\"font-size: 15px;\">\u2013 Nem is n\u00e9z! \u2013 kottyantotta oda Manci, de nem \u00e1llotta ki,  hogy \u0151 is oda ne pislantson.<\/span> <br> <span style=\"font-size: 15px;\">\u00dajabb  alakok v\u00e1ltak ki a s\u00f6t\u00e9ts\u00e9gb\u0151l. Leg\u00e9nyek, botokkal kez\u00fckben, lass\u00fa  l\u00e9p\u00e9sekkel j\u00e1rt\u00e1k a bok\u00e1z\u00f3st. Csak \u00fagy, egymagukban. Szomor\u00fa t\u00e1nc,  paraszt t\u00e1nc\u2026 m\u00e9lab\u00fas dallam, a f\u00e9rfiak m\u00e1r csak \u00edgy s\u00edrnak-v\u00edgnak.<\/span> <br> <span style=\"font-size: 15px;\">Az egyik odatoppant Manci el\u00e9.<\/span> <br> <span style=\"font-size: 15px;\">\u2013 J\u00f6ssz-e galambom? \u2013 n\u00e9zett r\u00e1 kih\u00edv\u00f3an.<\/span> <br> <span style=\"font-size: 15px;\">\u2013 Nem gy\u00f6v\u00f6k \u00e9n! \u2013 vetette fel fej\u00e9t  dacosan a l\u00e1ny.<\/span> <br> <span style=\"font-size: 15px;\">\u2013 Hejnye, a  gyehenna em\u00e9sszen meg, mire f\u00f6l vagy olyan k\u00e9nyes, te marmancs?<\/span> <br> <span style=\"font-size: 15px;\">\u2013 Nem megyek \u00e9n el senkivel, \u00e9s biz\u2019a nem  vagyok \u00e9n marmancs! Menjen kend a falu v\u00e9gibe, oszt ott kajab\u00e1ljon bele a  set\u00e9tbe egymag\u00e1ban, mert velem ugyan nem j\u00e1r t\u00e1ncot!<\/span> <br><br> <span style=\"font-size: 15px;\">A citera sebes dalra kelt, elfeledve R\u00fazsa  S\u00e1ndort, kinek lova l\u00e1ba megbotlott egy g\u00f6r\u00f6ngybe, s elvitt\u00e9k biz\u2019a a  pand\u00farok \u00f6r\u00f6kre. Felszakadt a cs\u00e1rd\u00e1s, a leg\u00e9ny meg kipender\u00edtette  Mancit k\u00f6z\u00e9pre, \u00e9s j\u00f3l megforgatta. J\u00e1rt a l\u00e1buk sebesen, izzadt a  leg\u00e9ny, kipirult a l\u00e1ny. <\/span> <br> <br> <span style=\"font-size: 15px;\">Nagyap\u00e1m csak legyintett:<\/span> <br> <span style=\"font-size: 15px;\">\u2013 No, ezt m\u00e1r \u00e9n csak n\u00e9zni fogom! \u2013 \u00e9s  vissza\u00fclt a l\u00f3c\u00e1ra nagyany\u00e1mmal. \u00dcltek is le sorj\u00e1ban mell\u00e9j\u00fck, aki  odaf\u00e9rt m\u00e9g, m\u00e1sok a f\u00f6ldre, a l\u00e1nyok sz\u00e9pen elrendezgett\u00e9k maguk k\u00f6r\u00fcl a  harangszokny\u00e1jukat, csupa piros, k\u00e9k, s\u00e1rga vir\u00e1gcsokor lett a l\u00f3ca  k\u00f6r\u00fcl bel\u0151l\u00fck. A leg\u00e9nyek is oda\u00e1lltak, botjukra t\u00e1maszkodva.<\/span> <br> <span style=\"font-size: 15px;\">\u2013 Mes\u00edjen m\u00e1n egyet, J\u00f3zsi b\u00e1csi! \u2013 kezdt\u00e9k  k\u00e9rlelgetni sz\u00e9pen.<\/span> <br> <span style=\"font-size: 15px;\">\u2013 Mes\u00edjek?  Oszt mit mes\u00edjek? No, v\u00e1rjatok csak! Tuggy\u00e1tok-e, hogy a magyar nagyurak  nem t\u00e1ncoltak \u00e1m cs\u00e1rd\u00e1st? Bizony hogy nem! Csak oljan \u00farias t\u00e1ncokat,  kering\u0151t, meg n\u00e9gyest, nem is tudt\u00e1k mi az a cs\u00e1rd\u00e1s. T\u00f6rt\u00e9nt azt\u00e1n,  hogy az ezernyolcsz\u00e1zharmincnyolcas esztend\u0151ben farsangoltak \u00e1m a f\u0151\u00fari  kaszin\u00f3ban, mert ott tartott\u00e1k a nagy b\u00e1lokat. Odagy\u0171lt a nagy \u00faris\u00e1g,  cifra magyar ment\u00e9kben, az \u00farasszonyok meg csipk\u00e9s dr\u00e1ga ruh\u00e1kban.  T\u00e1ncoltak is sz\u00e9pen, am\u00fagy a maguk m\u00f3dj\u00e1n amiket f\u00f6lsoroltam volt. Ott  volt bezony maga gr\u00f3f Sz\u00e9chenyi Istv\u00e1n is. N\u00e9zte egy darabig a  t\u00e1ncol\u00f3kat, oszt\u00e1n eccercsak m\u00f6gk\u00e9rdezte:<\/span> <br> <span style=\"font-size: 15px;\">\u2013 Hanem, uraim, k\u00fcl\u00f6n\u00f6s dolog el\u0151ttem, hogy itt szebbn\u00e9l-szebb  idegen t\u00e1ncokat t\u00e1ncolnak, de a legszebb t\u00e1ncot, a mi magyar t\u00e1ncunkat  nem!<\/span> <br> <span style=\"font-size: 15px;\">Csud\u00e1lkoztak az urak, mi is  l\u00e9gyen az a t\u00e1nc. De volt aki tudta, mit is emleget a gr\u00f3f \u00far.<\/span> <br> <span style=\"font-size: 15px;\">\u2013 Nincs a t\u00e1nc-ordnungban! \u2013 mondta.<\/span> <br> <span style=\"font-size: 15px;\">\u2013 \u00c9ppen az a hiba! \u2013 v\u00e1laszolt a gr\u00f3f arra  fordulva \u2013, s \u00e9n nem \u00e9rtem mi\u00e9rt ne lehetne itt a magyar t\u00e1ncot  szint\u00fagy j\u00e1rni, mint azokat a t\u00f6bbieket?<\/span> <br> <span style=\"font-size: 15px;\">A gr\u00f3fnak utols\u00f3 k\u00e9rd\u00e9s\u00e9re mellette \u00e1llott egyik ismer\u0151se azt  jegyezv\u00e9n meg, hogy a magyar t\u00e1ncot nem minden ember k\u00e9pes \u00fagy  megtanulni, hogy azt b\u00e1lokban is t\u00e1ncolhassa, a gr\u00f3f m\u00e9g emeltebb hangon  azt felel\u00e9:<\/span> <br> <span style=\"font-size: 15px;\">\u2013 Ez val\u00f3, de \u00e9n,  uraim, nem azt a t\u00e1ncot, az \u00fagynevezett magyar sz\u00f3l\u00f3t \u00e9rtem \u00e9s \u00f3hajtan\u00e1m  ide behozni, hanem azt a gy\u00f6ny\u00f6r\u0171 ked\u00e9lyes t\u00e1ncot, melyet a mi n\u00e9p\u00fcnk  odak\u00fcnn a falukon t\u00e1ncol \u2013 s magak\u00f6r\u00fcl n\u00e9zve, folytat\u00e1 \u2013, ha itt p\u00e1r  perccel ezel\u0151tt negyven p\u00e1r elf\u00e9rt francia n\u00e9gyest t\u00e1ncolva, mi\u00e9rt ne  f\u00e9rhetne meg itt a negyven p\u00e1r magyart t\u00e1ncolva?<\/span> <br> <span style=\"font-size: 15px;\">Csend lett, nem sz\u00f3lt senki, de a gr\u00f3f  k\u00f6rnyezet\u00e9hez fordulva k\u00e9rdez\u00e9:<\/span> <br> <span style=\"font-size: 15px;\">\u2013  Ugyan, uraim, nem ismernek valakit, az itt lev\u0151 ifj\u00fa urak k\u00f6zt, ki a  magyar t\u00e1ncot el tudn\u00e1 most itt a sz\u00fcn\u00f3ra alatt j\u00e1rni?<\/span> <br> <span style=\"font-size: 15px;\">\u2013 Orczy Pista! \u2013 hallatszott egy ki\u00e1lt\u00e1s.<\/span> <br> <span style=\"font-size: 15px;\">\u2013 De \u00e9n csak a gy\u00f6ngy\u00f6si kap\u00e1sok t\u00e1nc\u00e1t  tudom \u2013 tiltakozott Orczy b\u00e1r\u00f3.<\/span> <br> <span style=\"font-size: 15px;\">\u2013  No, az pont j\u00f3 lesz, kezdjen csak bele sz\u00e9pen.<\/span> <br><br> <span style=\"font-size: 15px;\">De biz\u2019a nem tal\u00e1ltak ott sz\u00e9gyenszemre egy  muzsikust sem, aki azt a t\u00e1ncot elzen\u00e9lte volna. mer\u2019ugye n\u00e9met  zen\u00e9szek h\u00fazt\u00e1k a b\u00e1lokon a taktust. Egy \u00farfi akadt csak a j\u00f3 magyarok  k\u00f6z\u00fcl, aki tudta cincogtatni Martinovics n\u00f3t\u00e1j\u00e1t. No, az megmutatta,  hogyan k\u00f6ll. Harmadj\u00e1ra csak elindult a n\u00f3ta, oszt r\u00e1kezdte a j\u00f3 Orczy  Pista.<\/span> <br><br> <span style=\"font-size: 15px;\">Sz\u00e9chenyi gy\u00f6ny\u00f6rk\u00f6dve  n\u00e9zte a t\u00e1ncot, majd bev\u00e9gezt\u00e9vel megk\u00e9rte a b\u00e1r\u00f3t, v\u00e1lasszon m\u00e1r ki egy  p\u00e1rt mag\u00e1nak, avval mutass\u00e1k be a magyar p\u00e1rost\u00e1ncot. Ki is v\u00e1lasztotta  a b\u00e1r\u00f3 Orczy Eliz baronesszt, oszt azzal kezdt\u00e9k ropni, el\u0151bb karcs\u00fa  derek\u00e1n \u00e1t\u00f6lelve jobbra-balra t\u00f6bbsz\u00f6r megforgatta, v\u00e9le helyben \u00e1llva  bok\u00e1zott s nemsok\u00e1ra karjai k\u00f6z\u00fcl szabadon \u00e9s k\u00fcl\u00f6n, t\u00f6bbnyire egym\u00e1ssal  szemben lejtve a k\u00f6r sz\u00e9l\u00e9n gy\u00f6ny\u00f6r\u0171en j\u00e1rt\u00e1k el a p\u00e1ros t\u00e1ncot. Mikor  bev\u00e9gezt\u00e9k, gr\u00f3f Sz\u00e9chenyi ny\u00e1jas szavakkal k\u00f6sz\u00f6nte meg az ifj\u00fa b\u00e1r\u00f3nak  sz\u00edvess\u00e9g\u00e9t s vele kezet szor\u00edtva monda:<\/span> <br> <span style=\"font-size: 15px;\">\u2013 Ez az \u00e9n t\u00e1ncom.<\/span> <br> <span style=\"font-size: 15px;\">Azut\u00e1n  a k\u00f6z\u00f6ns\u00e9ghez fordulva k\u00e9rdez\u00e9:<\/span> <br> <span style=\"font-size: 15px;\">\u2013  \u00c9s h\u00e1t mi\u00e9rt ne lehetne ezt a t\u00e1ncot itt is \u00e9s minden\u00fctt t\u00e1ncolni?<\/span> <br> <span style=\"font-size: 15px;\"> <\/span> <span style=\"font-size: 15px;\"><br>\u2013 H\u00e1t az\u00f3ta j\u00e1rj\u00e1k bizony  sz\u00e9lt\u00e9ben-hossz\u00e1ban a j\u00f3 magyar paraszti cs\u00e1rd\u00e1st, meg k\u00e9s\u0151bb a palot\u00e1st  is \u2013 fejezte be nagyap\u00e1m a mes\u00e9t.<\/span> <br> <span style=\"font-size: 15px;\">\u2013 No, akkor cs\u00e1rd\u00e1st n\u00e9k\u00fcnk! \u2013 rikkantotta el mag\u00e1t egy  leg\u00e9ny, s m\u00e1r h\u00fazt\u00e1k is fel a l\u00e1nyokat a l\u00f3c\u00e1r\u00f3l, a f\u00f6ldr\u0151l, rep\u00fclt a  szoknya, csattant a csizma\u2026<\/span> <br> <span style=\"font-size: 15px;\"> <\/span> <span style=\"font-size: 15px;\"><br>Csattant az ajt\u00f3 is, ahogy  l\u00e1nyom szelesen berohant.<\/span> <br> <span style=\"font-size: 15px;\">\u2013 Anya,  semmi \u00f6tlet\u00fcnk nincs! Milyen magyarra gondolt\u00e1l? Mondd m\u00e1r!<\/span> <br> <span style=\"font-size: 15px;\">A kihuny\u00f3 m\u00e9cses lobbant egy utols\u00f3t, majd  \u00fajra s\u00f6t\u00e9t lett.<\/span> <br> <span style=\"font-size: 15px;\">\u2013 J\u00e1rjatok  cs\u00e1rd\u00e1st\u2026 \u2013 v\u00e1laszoltam halkan, \u00e9s a sarokba n\u00e9zve m\u00e9g l\u00e1ttam, hogy  nagyap\u00e1m egy nagyot kacsint, majd belesz\u00fcrk\u00fcl a feketes\u00e9gbe.<\/span> <br> <span style=\"font-size: 15px;\"> <\/span> <br> <span style=\"font-size: 15px;\"> <\/span> <\/div> <div style=\"text-decoration: underline; text-align: justify;\"> <span style=\"font-size: 15px;\">Megjegyz\u00e9s: <\/span> <\/div> <div style=\"text-align: justify;\"> <span style=\"font-size: 15px;\">A cs\u00e1rd\u00e1s t\u00f6rt\u00e9net\u00e9t Podmaniczky Frigyes:  Egy r\u00e9gi gavall\u00e9r c\u00edm\u0171 m\u0171v\u00e9b\u0151l id\u00e9ztem\/oll\u00f3ztam \u00f6ssze.<\/span> <br> <br> <span style=\"font-size: 15px;\">Lyrian \u00a9<br> <br> <br> <\/span> <\/div><object height=\"385\" width=\"480\"><param name=\"movie\" value=\"http:\/\/www.youtube.com\/v\/Crxfj6AZHXw&amp;hl=hu_HU&amp;fs=1&amp;\"><param name=\"allowFullScreen\" value=\"true\"><param name=\"allowscriptaccess\" value=\"always\"><embed src=\"http:\/\/www.youtube.com\/v\/Crxfj6AZHXw&amp;hl=hu_HU&amp;fs=1&amp;\" type=\"application\/x-shockwave-flash\" allowscriptaccess=\"always\" allowfullscreen=\"true\" height=\"385\" width=\"480\"><\/object>","type":"rich"}